{"id":3334,"date":"2026-08-26T14:19:37","date_gmt":"2026-08-26T12:19:37","guid":{"rendered":"https:\/\/nwcluster.no\/arrangement\/start-des-ausbildungsgangs-zum-facharbeiter-in-logistik-und-produktionstechnik\/"},"modified":"2026-08-26T14:19:37","modified_gmt":"2026-08-26T12:19:37","slug":"start-des-ausbildungsgangs-zum-facharbeiter-in-logistik-und-produktionstechnik","status":"publish","type":"arrangement","link":"https:\/\/nwcluster.no\/de\/arrangement\/start-des-ausbildungsgangs-zum-facharbeiter-in-logistik-und-produktionstechnik\/","title":{"rendered":"Start des Ausbildungsgangs zum Facharbeiter in Logistik und Produktionstechnik"},"content":{"rendered":"","protected":false},"featured_media":2838,"template":"","meta":{"_acf_changed":false},"arrangement-kategori":[18],"class_list":["post-3334","arrangement","type-arrangement","status-publish","has-post-thumbnail","hentry","arrangement-kategori-arrangement-de"],"acf":{"er_arrangementet_over_flere_dager":"nei","dato-for-arrangementet":"20261015","klokkeslett":"","til_dato":null,"klokkeslett_dag_2":"","manuell-dato":"Donnerstag, 15. Oktober 2026","sted_for_arrangementet":"Karriere Innlandet, Gj\u00f8vik","adresse_for_arrangement":"Studievegen 2, 2815 Gj\u00f8vik","pris":"siehe Infos","introtekst":"In Zusammenarbeit mit Karriere Innlandet starten wir einen neuen Theoriekurs zur Erlangung des Fachabschlusses in Logistik und Produktionstechnik f\u00fcr die Holzindustrie.\n\nDer Unterricht ist modular aufgebaut und auf berufst\u00e4tige Teilnehmer zugeschnitten.\n\n\n","om_arrangementet":"<h2>Berufsabschluss in Fertigungstechnik und Logistik<\/h2>\nPr\u00e4senzbasierter Berufsabschluss in Fertigungstechnik (PRT3103) und Logistik (LOG3103) f\u00fcr Besch\u00e4ftigte in der holzverarbeitenden Industrie. <strong>Bewerbungsfrist: 31. August<\/strong>\n<ul>\n \t<li><span data-contrast=\"auto\">Hybridunterricht (digital und Pr\u00e4senzunterricht in Gj\u00f8vik)<\/span><\/li>\n \t<li><span data-contrast=\"auto\">12 Unterrichtstermine<\/span><\/li>\n \t<li><span data-contrast=\"auto\">F\u00fcr Auszubildende und Praktikanten<\/span><\/li>\n \t<li><span data-contrast=\"auto\">Auftaktveranstaltung (Gj\u00f8vik): 15. Oktober<\/span><\/li>\n \t<li><span data-contrast=\"auto\">Pr\u00fcfung: Mai 2027<\/span><\/li>\n \t<li>Verantwortlich: Karriere Innlandet<\/li>\n \t<li><a class=\"cursor-init\" href=\"https:\/\/nwcluster.no\/wp-content\/uploads\/2026\/06\/nwc-infoskriv-2026-ny.docx\" target=\"_blank\" rel=\"noopener\"><span data-contrast=\"none\">Informationsschreiben 2026<\/span><\/a><\/li>\n \t<li><a class=\"cursor-init\" href=\"https:\/\/nwcluster.no\/wp-content\/uploads\/2026\/06\/Veiledning-for-soknad-om-realkompetansevurdering-i-Vigo.docx\" target=\"_blank\" rel=\"noopener\">Leitfaden f\u00fcr die Beantragung einer Bewertung der praktischen Kompetenzen<\/a><\/li>\n<\/ul>","pamelding":"https:\/\/vimeo.com\/1203814798?share=copy&fl=sv&fe=ci","button_text":"Video ansehen","ekstra_knapp":"","button_text_ekstra":""},"yoast_head":"<!-- This site is optimized with the Yoast SEO plugin v28.3 - https:\/\/yoast.com\/product\/yoast-seo-wordpress\/ -->\n<title>Start des Ausbildungsgangs zum Facharbeiter in Logistik und Produktionstechnik - Norwegian Wood Cluster<\/title>\n<meta name=\"robots\" content=\"index, follow, max-snippet:-1, max-image-preview:large, max-video-preview:-1\" \/>\n<link rel=\"canonical\" href=\"https:\/\/nwcluster.no\/de\/arrangement\/start-des-ausbildungsgangs-zum-facharbeiter-in-logistik-und-produktionstechnik\/\" \/>\n<meta property=\"og:locale\" content=\"de_DE\" \/>\n<meta property=\"og:type\" content=\"article\" \/>\n<meta property=\"og:title\" content=\"Start des Ausbildungsgangs zum Facharbeiter in Logistik und Produktionstechnik - Norwegian Wood Cluster\" \/>\n<meta property=\"og:url\" content=\"https:\/\/nwcluster.no\/de\/arrangement\/start-des-ausbildungsgangs-zum-facharbeiter-in-logistik-und-produktionstechnik\/\" \/>\n<meta property=\"og:site_name\" content=\"Norwegian Wood Cluster\" \/>\n<meta property=\"og:image\" content=\"https:\/\/nwcluster.no\/wp-content\/uploads\/2026\/06\/Anlegg-G3-Gausdal-Bruk-Nytt-justerverk-2022-2-scaled-e1782305382866.jpg\" \/>\n\t<meta property=\"og:image:width\" content=\"2560\" \/>\n\t<meta property=\"og:image:height\" content=\"1590\" \/>\n\t<meta property=\"og:image:type\" content=\"image\/jpeg\" \/>\n<meta name=\"twitter:card\" content=\"summary_large_image\" \/>\n<script type=\"application\/ld+json\" class=\"yoast-schema-graph\">{\"@context\":\"https:\\\/\\\/schema.org\",\"@graph\":[{\"@type\":\"WebPage\",\"@id\":\"https:\\\/\\\/nwcluster.no\\\/de\\\/arrangement\\\/start-des-ausbildungsgangs-zum-facharbeiter-in-logistik-und-produktionstechnik\\\/\",\"url\":\"https:\\\/\\\/nwcluster.no\\\/de\\\/arrangement\\\/start-des-ausbildungsgangs-zum-facharbeiter-in-logistik-und-produktionstechnik\\\/\",\"name\":\"Start des Ausbildungsgangs zum Facharbeiter in Logistik und Produktionstechnik - Norwegian Wood Cluster\",\"isPartOf\":{\"@id\":\"https:\\\/\\\/nwcluster.no\\\/de\\\/#website\"},\"primaryImageOfPage\":{\"@id\":\"https:\\\/\\\/nwcluster.no\\\/de\\\/arrangement\\\/start-des-ausbildungsgangs-zum-facharbeiter-in-logistik-und-produktionstechnik\\\/#primaryimage\"},\"image\":{\"@id\":\"https:\\\/\\\/nwcluster.no\\\/de\\\/arrangement\\\/start-des-ausbildungsgangs-zum-facharbeiter-in-logistik-und-produktionstechnik\\\/#primaryimage\"},\"thumbnailUrl\":\"https:\\\/\\\/nwcluster.no\\\/wp-content\\\/uploads\\\/2026\\\/06\\\/Anlegg-G3-Gausdal-Bruk-Nytt-justerverk-2022-2-scaled-e1782305382866.jpg\",\"datePublished\":\"2026-08-26T12:19:37+00:00\",\"breadcrumb\":{\"@id\":\"https:\\\/\\\/nwcluster.no\\\/de\\\/arrangement\\\/start-des-ausbildungsgangs-zum-facharbeiter-in-logistik-und-produktionstechnik\\\/#breadcrumb\"},\"inLanguage\":\"de\",\"potentialAction\":[{\"@type\":\"ReadAction\",\"target\":[\"https:\\\/\\\/nwcluster.no\\\/de\\\/arrangement\\\/start-des-ausbildungsgangs-zum-facharbeiter-in-logistik-und-produktionstechnik\\\/\"]}]},{\"@type\":\"ImageObject\",\"inLanguage\":\"de\",\"@id\":\"https:\\\/\\\/nwcluster.no\\\/de\\\/arrangement\\\/start-des-ausbildungsgangs-zum-facharbeiter-in-logistik-und-produktionstechnik\\\/#primaryimage\",\"url\":\"https:\\\/\\\/nwcluster.no\\\/wp-content\\\/uploads\\\/2026\\\/06\\\/Anlegg-G3-Gausdal-Bruk-Nytt-justerverk-2022-2-scaled-e1782305382866.jpg\",\"contentUrl\":\"https:\\\/\\\/nwcluster.no\\\/wp-content\\\/uploads\\\/2026\\\/06\\\/Anlegg-G3-Gausdal-Bruk-Nytt-justerverk-2022-2-scaled-e1782305382866.jpg\",\"width\":2560,\"height\":1590,\"caption\":\"Foto: G3 Gausdal Holzindustrie\"},{\"@type\":\"BreadcrumbList\",\"@id\":\"https:\\\/\\\/nwcluster.no\\\/de\\\/arrangement\\\/start-des-ausbildungsgangs-zum-facharbeiter-in-logistik-und-produktionstechnik\\\/#breadcrumb\",\"itemListElement\":[{\"@type\":\"ListItem\",\"position\":1,\"name\":\"Home\",\"item\":\"https:\\\/\\\/nwcluster.no\\\/de\\\/hauptseite\\\/\"},{\"@type\":\"ListItem\",\"position\":2,\"name\":\"Start des Ausbildungsgangs zum Facharbeiter in Logistik und Produktionstechnik\"}]},{\"@type\":\"WebSite\",\"@id\":\"https:\\\/\\\/nwcluster.no\\\/de\\\/#website\",\"url\":\"https:\\\/\\\/nwcluster.no\\\/de\\\/\",\"name\":\"Norwegian Wood Cluster\",\"description\":\"Vi gir verden innovative ogb\u00e6rekraftige byggel\u00f8sninger i tre\",\"potentialAction\":[{\"@type\":\"SearchAction\",\"target\":{\"@type\":\"EntryPoint\",\"urlTemplate\":\"https:\\\/\\\/nwcluster.no\\\/de\\\/?s={search_term_string}\"},\"query-input\":{\"@type\":\"PropertyValueSpecification\",\"valueRequired\":true,\"valueName\":\"search_term_string\"}}],\"inLanguage\":\"de\"}]}<\/script>\n<!-- \/ Yoast SEO plugin. -->","yoast_head_json":{"title":"Start des Ausbildungsgangs zum Facharbeiter in Logistik und Produktionstechnik - Norwegian Wood Cluster","robots":{"index":"index","follow":"follow","max-snippet":"max-snippet:-1","max-image-preview":"max-image-preview:large","max-video-preview":"max-video-preview:-1"},"canonical":"https:\/\/nwcluster.no\/de\/arrangement\/start-des-ausbildungsgangs-zum-facharbeiter-in-logistik-und-produktionstechnik\/","og_locale":"de_DE","og_type":"article","og_title":"Start des Ausbildungsgangs zum Facharbeiter in Logistik und Produktionstechnik - Norwegian Wood Cluster","og_url":"https:\/\/nwcluster.no\/de\/arrangement\/start-des-ausbildungsgangs-zum-facharbeiter-in-logistik-und-produktionstechnik\/","og_site_name":"Norwegian Wood Cluster","og_image":[{"width":2560,"height":1590,"url":"https:\/\/nwcluster.no\/wp-content\/uploads\/2026\/06\/Anlegg-G3-Gausdal-Bruk-Nytt-justerverk-2022-2-scaled-e1782305382866.jpg","type":"image\/jpeg"}],"twitter_card":"summary_large_image","schema":{"@context":"https:\/\/schema.org","@graph":[{"@type":"WebPage","@id":"https:\/\/nwcluster.no\/de\/arrangement\/start-des-ausbildungsgangs-zum-facharbeiter-in-logistik-und-produktionstechnik\/","url":"https:\/\/nwcluster.no\/de\/arrangement\/start-des-ausbildungsgangs-zum-facharbeiter-in-logistik-und-produktionstechnik\/","name":"Start des Ausbildungsgangs zum Facharbeiter in Logistik und Produktionstechnik - Norwegian Wood Cluster","isPartOf":{"@id":"https:\/\/nwcluster.no\/de\/#website"},"primaryImageOfPage":{"@id":"https:\/\/nwcluster.no\/de\/arrangement\/start-des-ausbildungsgangs-zum-facharbeiter-in-logistik-und-produktionstechnik\/#primaryimage"},"image":{"@id":"https:\/\/nwcluster.no\/de\/arrangement\/start-des-ausbildungsgangs-zum-facharbeiter-in-logistik-und-produktionstechnik\/#primaryimage"},"thumbnailUrl":"https:\/\/nwcluster.no\/wp-content\/uploads\/2026\/06\/Anlegg-G3-Gausdal-Bruk-Nytt-justerverk-2022-2-scaled-e1782305382866.jpg","datePublished":"2026-08-26T12:19:37+00:00","breadcrumb":{"@id":"https:\/\/nwcluster.no\/de\/arrangement\/start-des-ausbildungsgangs-zum-facharbeiter-in-logistik-und-produktionstechnik\/#breadcrumb"},"inLanguage":"de","potentialAction":[{"@type":"ReadAction","target":["https:\/\/nwcluster.no\/de\/arrangement\/start-des-ausbildungsgangs-zum-facharbeiter-in-logistik-und-produktionstechnik\/"]}]},{"@type":"ImageObject","inLanguage":"de","@id":"https:\/\/nwcluster.no\/de\/arrangement\/start-des-ausbildungsgangs-zum-facharbeiter-in-logistik-und-produktionstechnik\/#primaryimage","url":"https:\/\/nwcluster.no\/wp-content\/uploads\/2026\/06\/Anlegg-G3-Gausdal-Bruk-Nytt-justerverk-2022-2-scaled-e1782305382866.jpg","contentUrl":"https:\/\/nwcluster.no\/wp-content\/uploads\/2026\/06\/Anlegg-G3-Gausdal-Bruk-Nytt-justerverk-2022-2-scaled-e1782305382866.jpg","width":2560,"height":1590,"caption":"Foto: G3 Gausdal Holzindustrie"},{"@type":"BreadcrumbList","@id":"https:\/\/nwcluster.no\/de\/arrangement\/start-des-ausbildungsgangs-zum-facharbeiter-in-logistik-und-produktionstechnik\/#breadcrumb","itemListElement":[{"@type":"ListItem","position":1,"name":"Home","item":"https:\/\/nwcluster.no\/de\/hauptseite\/"},{"@type":"ListItem","position":2,"name":"Start des Ausbildungsgangs zum Facharbeiter in Logistik und Produktionstechnik"}]},{"@type":"WebSite","@id":"https:\/\/nwcluster.no\/de\/#website","url":"https:\/\/nwcluster.no\/de\/","name":"Norwegian Wood Cluster","description":"Vi gir verden innovative ogb\u00e6rekraftige byggel\u00f8sninger i tre","potentialAction":[{"@type":"SearchAction","target":{"@type":"EntryPoint","urlTemplate":"https:\/\/nwcluster.no\/de\/?s={search_term_string}"},"query-input":{"@type":"PropertyValueSpecification","valueRequired":true,"valueName":"search_term_string"}}],"inLanguage":"de"}]}},"_links":{"self":[{"href":"https:\/\/nwcluster.no\/de\/wp-json\/wp\/v2\/arrangement\/3334","targetHints":{"allow":["GET"]}}],"collection":[{"href":"https:\/\/nwcluster.no\/de\/wp-json\/wp\/v2\/arrangement"}],"about":[{"href":"https:\/\/nwcluster.no\/de\/wp-json\/wp\/v2\/types\/arrangement"}],"wp:featuredmedia":[{"embeddable":true,"href":"https:\/\/nwcluster.no\/de\/wp-json\/wp\/v2\/media\/2838"}],"wp:attachment":[{"href":"https:\/\/nwcluster.no\/de\/wp-json\/wp\/v2\/media?parent=3334"}],"wp:term":[{"taxonomy":"arrangement-kategori","embeddable":true,"href":"https:\/\/nwcluster.no\/de\/wp-json\/wp\/v2\/arrangement-kategori?post=3334"}],"curies":[{"name":"wp","href":"https:\/\/api.w.org\/{rel}","templated":true}]}}